{"id":1768,"date":"2024-08-29T14:08:47","date_gmt":"2024-08-29T19:08:47","guid":{"rendered":"https:\/\/proaudio.ec\/staging\/4693\/?page_id=1768"},"modified":"2026-04-13T12:12:49","modified_gmt":"2026-04-13T17:12:49","slug":"proaudio","status":"publish","type":"page","link":"https:\/\/proaudio.ec\/","title":{"rendered":"Proaudio"},"content":{"rendered":"\t\t<div data-elementor-type=\"wp-page\" data-elementor-id=\"1768\" class=\"elementor elementor-1768\" data-elementor-post-type=\"page\">\n\t\t\t\t<div class=\"elementor-element elementor-element-1d1e5c8 e-flex e-con-boxed e-con e-parent\" data-id=\"1d1e5c8\" data-element_type=\"container\" data-e-type=\"container\">\n\t\t\t\t\t<div class=\"e-con-inner\">\n\t\t\t\t<div class=\"elementor-element elementor-element-c5f0307 elementor--h-position-center elementor--v-position-middle elementor-arrows-position-inside elementor-pagination-position-inside elementor-widget elementor-widget-slides\" data-id=\"c5f0307\" data-element_type=\"widget\" data-e-type=\"widget\" data-settings=\"{&quot;autoplay_speed&quot;:3800,&quot;navigation&quot;:&quot;both&quot;,&quot;autoplay&quot;:&quot;yes&quot;,&quot;pause_on_hover&quot;:&quot;yes&quot;,&quot;pause_on_interaction&quot;:&quot;yes&quot;,&quot;infinite&quot;:&quot;yes&quot;,&quot;transition&quot;:&quot;slide&quot;,&quot;transition_speed&quot;:500}\" data-widget_type=\"slides.default\">\n\t\t\t\t<div class=\"elementor-widget-container\">\n\t\t\t\t\t\t\t\t\t<div class=\"elementor-swiper\">\n\t\t\t\t\t<div class=\"elementor-slides-wrapper elementor-main-swiper swiper\" role=\"region\" aria-roledescription=\"carousel\" aria-label=\"Diapositivas\" dir=\"ltr\" data-animation=\"fadeInUp\">\n\t\t\t\t<div class=\"swiper-wrapper elementor-slides\">\n\t\t\t\t\t\t\t\t\t\t<div class=\"elementor-repeater-item-3c71ac7 swiper-slide\" role=\"group\" aria-roledescription=\"slide\"><div class=\"swiper-slide-bg\" role=\"img\" aria-label=\"portada web\"><\/div><div class=\"swiper-slide-inner\" ><div class=\"swiper-slide-contents\"><\/div><\/div><\/div><div class=\"elementor-repeater-item-3ebcb98 swiper-slide\" role=\"group\" aria-roledescription=\"slide\"><div class=\"swiper-slide-bg\" role=\"img\" aria-label=\"Web-Eloy copia\"><\/div><a class=\"swiper-slide-inner\" href=\"https:\/\/proaudio.ec\/index.php\/ubicacion\/?utm_source=Web-home&#038;utm_medium=banner-home&#038;utm_campaign=Eloy-Alfaro\"><div class=\"swiper-slide-contents\"><div  class=\"elementor-button elementor-slide-button elementor-size-xs\">\u00bfC\u00f3mo llegar?<\/div><\/div><\/a><\/div><div class=\"elementor-repeater-item-a9013f5 swiper-slide\" role=\"group\" aria-roledescription=\"slide\"><div class=\"swiper-slide-bg\" role=\"img\" aria-label=\"Web-Ibarra copia\"><\/div><a class=\"swiper-slide-inner\" href=\"https:\/\/proaudio.ec\/index.php\/ubicacion\/?utm_source=Web-home&#038;utm_medium=banner-home&#038;utm_campaign=Ibarra\"><div class=\"swiper-slide-contents\"><div  class=\"elementor-button elementor-slide-button elementor-size-xs\">\u00bfC\u00f3mo llegar?<\/div><\/div><\/a><\/div>\t\t\t\t<\/div>\n\t\t\t\t\t\t\t\t\t\t\t\t\t\t\t<div class=\"elementor-swiper-button elementor-swiper-button-prev\" role=\"button\" tabindex=\"0\" aria-label=\"Diapositiva anterior\">\n\t\t\t\t\t\t\t<svg aria-hidden=\"true\" class=\"e-font-icon-svg e-eicon-chevron-left\" viewBox=\"0 0 1000 1000\" xmlns=\"http:\/\/www.w3.org\/2000\/svg\"><path d=\"M646 125C629 125 613 133 604 142L308 442C296 454 292 471 292 487 292 504 296 521 308 533L604 854C617 867 629 875 646 875 663 875 679 871 692 858 704 846 713 829 713 812 713 796 708 779 692 767L438 487 692 225C700 217 708 204 708 187 708 171 704 154 692 142 675 129 663 125 646 125Z\"><\/path><\/svg>\t\t\t\t\t\t<\/div>\n\t\t\t\t\t\t<div class=\"elementor-swiper-button elementor-swiper-button-next\" role=\"button\" tabindex=\"0\" aria-label=\"Diapositiva siguiente\">\n\t\t\t\t\t\t\t<svg aria-hidden=\"true\" class=\"e-font-icon-svg e-eicon-chevron-right\" viewBox=\"0 0 1000 1000\" xmlns=\"http:\/\/www.w3.org\/2000\/svg\"><path d=\"M696 533C708 521 713 504 713 487 713 471 708 454 696 446L400 146C388 133 375 125 354 125 338 125 325 129 313 142 300 154 292 171 292 187 292 204 296 221 308 233L563 492 304 771C292 783 288 800 288 817 288 833 296 850 308 863 321 871 338 875 354 875 371 875 388 867 400 854L696 533Z\"><\/path><\/svg>\t\t\t\t\t\t<\/div>\n\t\t\t\t\t\t\t\t\t\t\t\t\t\t\t\t<div class=\"swiper-pagination\"><\/div>\n\t\t\t\t\t\t\t\t\t\t\t\t<\/div>\n\t\t\t\t<\/div>\n\t\t\t\t\t\t\t\t<\/div>\n\t\t\t\t<\/div>\n\t\t\t\t\t<\/div>\n\t\t\t\t<\/div>\n\t\t<div class=\"elementor-element elementor-element-39f1cd4 e-flex e-con-boxed e-con e-parent\" data-id=\"39f1cd4\" data-element_type=\"container\" data-e-type=\"container\">\n\t\t\t\t\t<div class=\"e-con-inner\">\n\t\t\t\t<div class=\"elementor-element elementor-element-3076445 elementor-widget elementor-widget-spacer\" data-id=\"3076445\" data-element_type=\"widget\" data-e-type=\"widget\" data-widget_type=\"spacer.default\">\n\t\t\t\t<div class=\"elementor-widget-container\">\n\t\t\t\t\t\t\t<div class=\"elementor-spacer\">\n\t\t\t<div class=\"elementor-spacer-inner\"><\/div>\n\t\t<\/div>\n\t\t\t\t\t\t<\/div>\n\t\t\t\t<\/div>\n\t\t\t\t\t<\/div>\n\t\t\t\t<\/div>\n\t\t<div class=\"elementor-element elementor-element-9738858 e-grid e-con-boxed e-con e-parent\" data-id=\"9738858\" data-element_type=\"container\" data-e-type=\"container\" data-settings=\"{&quot;background_background&quot;:&quot;classic&quot;}\">\n\t\t\t\t\t<div class=\"e-con-inner\">\n\t\t<div class=\"elementor-element elementor-element-e7074cc e-con-full e-flex e-con e-child\" data-id=\"e7074cc\" data-element_type=\"container\" data-e-type=\"container\" data-settings=\"{&quot;background_background&quot;:&quot;classic&quot;}\">\n\t\t\t\t<div class=\"elementor-element elementor-element-d99ea6f elementor-widget elementor-widget-text-editor\" data-id=\"d99ea6f\" data-element_type=\"widget\" data-e-type=\"widget\" data-widget_type=\"text-editor.default\">\n\t\t\t\t<div class=\"elementor-widget-container\">\n\t\t\t\t\t\t\t\t\t<p>Somos el mayor Instituto especializado en Problemas de Audici\u00f3n y Lenguaje dentro del pa\u00eds<\/p>\t\t\t\t\t\t\t\t<\/div>\n\t\t\t\t<\/div>\n\t\t\t\t<div class=\"elementor-element elementor-element-70e275c elementor-widget elementor-widget-text-editor\" data-id=\"70e275c\" data-element_type=\"widget\" data-e-type=\"widget\" data-widget_type=\"text-editor.default\">\n\t\t\t\t<div class=\"elementor-widget-container\">\n\t\t\t\t\t\t\t\t\t<p>y uno de los principales en toda Sudam\u00e9rica. Con m\u00e1s de 170,000 pacientes atendidos satisfactoriamente a lo largo de los \u00faltimos 39 a\u00f1os. Trabajamos con \u00e9xito en programas de prevenci\u00f3n, detecci\u00f3n temprana, diagn\u00f3stico y tratamiento de problemas auditivos en ni\u00f1os y adultos.<\/p>\t\t\t\t\t\t\t\t<\/div>\n\t\t\t\t<\/div>\n\t\t\t\t<\/div>\n\t\t\t\t\t<\/div>\n\t\t\t\t<\/div>\n\t\t<div class=\"elementor-element elementor-element-fa56367 e-grid e-con-boxed e-con e-parent\" data-id=\"fa56367\" data-element_type=\"container\" data-e-type=\"container\" id=\"historia\">\n\t\t\t\t\t<div class=\"e-con-inner\">\n\t\t\t\t<div class=\"elementor-element elementor-element-0f62835 elementor-widget elementor-widget-heading\" data-id=\"0f62835\" data-element_type=\"widget\" data-e-type=\"widget\" data-widget_type=\"heading.default\">\n\t\t\t\t<div class=\"elementor-widget-container\">\n\t\t\t\t\t<h2 class=\"elementor-heading-title elementor-size-default\">39 a\u00f1os comprometidos con la salud auditiva de los ecuatorianos <\/h2>\t\t\t\t<\/div>\n\t\t\t\t<\/div>\n\t\t\t\t<div class=\"elementor-element elementor-element-929625c elementor-widget elementor-widget-text-editor\" data-id=\"929625c\" data-element_type=\"widget\" data-e-type=\"widget\" data-widget_type=\"text-editor.default\">\n\t\t\t\t<div class=\"elementor-widget-container\">\n\t\t\t\t\t\t\t\t\t<ul><li style=\"list-style-type: none;\"><ul><li>Contamos con el m\u00e1s completo equipo de profesionales que incluye: m\u00e9dicos especialistas, audi\u00f3logos, fonoaudi\u00f3logos y terapistas de lenguaje acreditados.<\/li><li>Cuidamos que todos los procedimientos se realicen siguiendo los m\u00e1s estrictos protocolos y est\u00e1ndares de calidad.<\/li><li>Contamos con equipos e infraestructura que utilizan tecnolog\u00eda de punta.<\/li><li>Nos esforzamos por brindarle una atenci\u00f3n personalizada y humana en el acompa\u00f1amiento para su cuidado auditivo como parte integral de una vida sana.<\/li><li><a href=\"https:\/\/proaudio.ec\/index.php\/ubicacion\/\">Conoce d\u00f3nde estamos.<\/a><\/li><\/ul><\/li><\/ul>\t\t\t\t\t\t\t\t<\/div>\n\t\t\t\t<\/div>\n\t\t\t\t\t<\/div>\n\t\t\t\t<\/div>\n\t\t<div class=\"elementor-element elementor-element-fd1f21e e-grid e-con-boxed e-con e-parent\" data-id=\"fd1f21e\" data-element_type=\"container\" data-e-type=\"container\">\n\t\t\t\t\t<div class=\"e-con-inner\">\n\t\t\t\t<div class=\"elementor-element elementor-element-d238281 elementor-widget elementor-widget-heading\" data-id=\"d238281\" data-element_type=\"widget\" data-e-type=\"widget\" data-widget_type=\"heading.default\">\n\t\t\t\t<div class=\"elementor-widget-container\">\n\t\t\t\t\t<h2 class=\"elementor-heading-title elementor-size-default\">Somos representantes exclusivos para Ecuador de:\n<\/h2>\t\t\t\t<\/div>\n\t\t\t\t<\/div>\n\t\t<div class=\"elementor-element elementor-element-4c38b7b e-grid e-con-full e-con e-child\" data-id=\"4c38b7b\" data-element_type=\"container\" data-e-type=\"container\">\n\t\t\t\t<div class=\"elementor-element elementor-element-ad5611f elementor-widget elementor-widget-image\" data-id=\"ad5611f\" data-element_type=\"widget\" data-e-type=\"widget\" data-widget_type=\"image.default\">\n\t\t\t\t<div class=\"elementor-widget-container\">\n\t\t\t\t\t\t\t\t\t\t\t\t\t\t\t<img decoding=\"async\" width=\"161\" height=\"58\" src=\"https:\/\/proaudio.ec\/wp-content\/uploads\/2020\/10\/phonak_logo.png\" class=\"attachment-large size-large wp-image-337\" alt=\"\" \/>\t\t\t\t\t\t\t\t\t\t\t\t\t\t\t<\/div>\n\t\t\t\t<\/div>\n\t\t\t\t<div class=\"elementor-element elementor-element-f21a083 elementor-widget elementor-widget-image\" data-id=\"f21a083\" data-element_type=\"widget\" data-e-type=\"widget\" data-widget_type=\"image.default\">\n\t\t\t\t<div class=\"elementor-widget-container\">\n\t\t\t\t\t\t\t\t\t\t\t\t\t\t\t<img fetchpriority=\"high\" decoding=\"async\" width=\"323\" height=\"156\" src=\"https:\/\/proaudio.ec\/wp-content\/uploads\/2020\/10\/starkey_logo_2.png\" class=\"attachment-large size-large wp-image-358\" alt=\"\" srcset=\"https:\/\/proaudio.ec\/wp-content\/uploads\/2020\/10\/starkey_logo_2.png 323w, https:\/\/proaudio.ec\/wp-content\/uploads\/2020\/10\/starkey_logo_2-300x145.png 300w\" sizes=\"(max-width: 323px) 100vw, 323px\" \/>\t\t\t\t\t\t\t\t\t\t\t\t\t\t\t<\/div>\n\t\t\t\t<\/div>\n\t\t\t\t<div class=\"elementor-element elementor-element-2bf3508 elementor-widget elementor-widget-image\" data-id=\"2bf3508\" data-element_type=\"widget\" data-e-type=\"widget\" data-widget_type=\"image.default\">\n\t\t\t\t<div class=\"elementor-widget-container\">\n\t\t\t\t\t\t\t\t\t\t\t\t\t\t\t<img decoding=\"async\" width=\"196\" height=\"164\" src=\"https:\/\/proaudio.ec\/wp-content\/uploads\/2020\/10\/cochlear_logo.png\" class=\"attachment-large size-large wp-image-336\" alt=\"\" \/>\t\t\t\t\t\t\t\t\t\t\t\t\t\t\t<\/div>\n\t\t\t\t<\/div>\n\t\t\t\t<div class=\"elementor-element elementor-element-618dea8 elementor-widget elementor-widget-image\" data-id=\"618dea8\" data-element_type=\"widget\" data-e-type=\"widget\" data-widget_type=\"image.default\">\n\t\t\t\t<div class=\"elementor-widget-container\">\n\t\t\t\t\t\t\t\t\t\t\t\t\t\t\t<img loading=\"lazy\" decoding=\"async\" width=\"300\" height=\"154\" src=\"https:\/\/proaudio.ec\/wp-content\/uploads\/2020\/10\/cochlear_baha_logo.png\" class=\"attachment-large size-large wp-image-339\" alt=\"\" \/>\t\t\t\t\t\t\t\t\t\t\t\t\t\t\t<\/div>\n\t\t\t\t<\/div>\n\t\t\t\t<\/div>\n\t\t\t\t\t<\/div>\n\t\t\t\t<\/div>\n\t\t<div class=\"elementor-element elementor-element-33e7e20 e-grid e-con-boxed e-con e-parent\" data-id=\"33e7e20\" data-element_type=\"container\" data-e-type=\"container\" id=\"diagnostico-audiologico\">\n\t\t\t\t\t<div class=\"e-con-inner\">\n\t\t<div class=\"elementor-element elementor-element-8c33be5 e-con-full e-flex e-con e-child\" data-id=\"8c33be5\" data-element_type=\"container\" data-e-type=\"container\">\n\t\t\t\t<div class=\"elementor-element elementor-element-2bfb928 elementor-widget elementor-widget-heading\" data-id=\"2bfb928\" data-element_type=\"widget\" data-e-type=\"widget\" data-widget_type=\"heading.default\">\n\t\t\t\t<div class=\"elementor-widget-container\">\n\t\t\t\t\t<h2 class=\"elementor-heading-title elementor-size-default\">DIAGN\u00d3STICO AUDIOL\u00d3GICO Y ADAPTACI\u00d3N DE AUD\u00cdFONOS<\/h2>\t\t\t\t<\/div>\n\t\t\t\t<\/div>\n\t\t\t\t<div class=\"elementor-element elementor-element-d4af73a elementor-widget elementor-widget-text-editor\" data-id=\"d4af73a\" data-element_type=\"widget\" data-e-type=\"widget\" data-widget_type=\"text-editor.default\">\n\t\t\t\t<div class=\"elementor-widget-container\">\n\t\t\t\t\t\t\t\t\t<p>Brindamos evaluaciones audiol\u00f3gicas completas para garantizar un diagn\u00f3stico preciso de problemas auditivos y de comunicaci\u00f3n:<br \/>Audiometr\u00eda para todas las edades<br \/>Controles escolares<br \/>Impedanciometr\u00eda de frecuencia m\u00faltiple<br \/>Pruebas de emisiones otoac\u00fasticas<br \/>Potenciales evocados auditivos en sus distintas variedades: Potenciales de click, frecuencia espec\u00edfica, estado estable, latencia media y tard\u00eda, electrococleograf\u00eda y vestibulares<\/p>\t\t\t\t\t\t\t\t<\/div>\n\t\t\t\t<\/div>\n\t\t\t\t<div class=\"elementor-element elementor-element-26d998f elementor-widget elementor-widget-button\" data-id=\"26d998f\" data-element_type=\"widget\" data-e-type=\"widget\" data-widget_type=\"button.default\">\n\t\t\t\t<div class=\"elementor-widget-container\">\n\t\t\t\t\t\t\t\t\t<div class=\"elementor-button-wrapper\">\n\t\t\t\t\t<a class=\"elementor-button elementor-button-link elementor-size-sm\" href=\"#reserva\">\n\t\t\t\t\t\t<span class=\"elementor-button-content-wrapper\">\n\t\t\t\t\t\t\t\t\t<span class=\"elementor-button-text\">Agendar un Diagn\u00f3stico<\/span>\n\t\t\t\t\t<\/span>\n\t\t\t\t\t<\/a>\n\t\t\t\t<\/div>\n\t\t\t\t\t\t\t\t<\/div>\n\t\t\t\t<\/div>\n\t\t\t\t<\/div>\n\t\t\t\t<div class=\"elementor-element elementor-element-a85ecfb elementor-widget elementor-widget-image\" data-id=\"a85ecfb\" data-element_type=\"widget\" data-e-type=\"widget\" data-widget_type=\"image.default\">\n\t\t\t\t<div class=\"elementor-widget-container\">\n\t\t\t\t\t\t\t\t\t\t\t\t\t\t\t<img loading=\"lazy\" decoding=\"async\" width=\"823\" height=\"870\" src=\"https:\/\/proaudio.ec\/wp-content\/uploads\/2020\/10\/Servicio_Diagnostico.jpg\" class=\"attachment-full size-full wp-image-303\" alt=\"\" srcset=\"https:\/\/proaudio.ec\/wp-content\/uploads\/2020\/10\/Servicio_Diagnostico.jpg 823w, https:\/\/proaudio.ec\/wp-content\/uploads\/2020\/10\/Servicio_Diagnostico-284x300.jpg 284w, https:\/\/proaudio.ec\/wp-content\/uploads\/2020\/10\/Servicio_Diagnostico-768x812.jpg 768w\" sizes=\"(max-width: 823px) 100vw, 823px\" \/>\t\t\t\t\t\t\t\t\t\t\t\t\t\t\t<\/div>\n\t\t\t\t<\/div>\n\t\t\t\t\t<\/div>\n\t\t\t\t<\/div>\n\t\t<div class=\"elementor-element elementor-element-752184b e-grid e-con-boxed e-con e-parent\" data-id=\"752184b\" data-element_type=\"container\" data-e-type=\"container\" id=\"audiologia-pediatrica\">\n\t\t\t\t\t<div class=\"e-con-inner\">\n\t\t<div class=\"elementor-element elementor-element-72acfaa e-con-full e-flex e-con e-child\" data-id=\"72acfaa\" data-element_type=\"container\" data-e-type=\"container\">\n\t\t\t\t<div class=\"elementor-element elementor-element-324de78 elementor-widget elementor-widget-heading\" data-id=\"324de78\" data-element_type=\"widget\" data-e-type=\"widget\" data-widget_type=\"heading.default\">\n\t\t\t\t<div class=\"elementor-widget-container\">\n\t\t\t\t\t<h2 class=\"elementor-heading-title elementor-size-default\">AUDIOLOG\u00cdA PEDI\u00c1TRICA<\/h2>\t\t\t\t<\/div>\n\t\t\t\t<\/div>\n\t\t\t\t<div class=\"elementor-element elementor-element-938fc1b elementor-widget elementor-widget-text-editor\" data-id=\"938fc1b\" data-element_type=\"widget\" data-e-type=\"widget\" data-widget_type=\"text-editor.default\">\n\t\t\t\t<div class=\"elementor-widget-container\">\n\t\t\t\t\t\t\t\t\t<p>El \u00e9xito para la prevenci\u00f3n de problemas auditivos y del aprendizaje radica en la detecci\u00f3n temprana. Por eso contamos con pruebas audiol\u00f3gicas espec\u00edficas para la poblaci\u00f3n infantil que permiten obtener un diagn\u00f3stico acertado.<\/p>\t\t\t\t\t\t\t\t<\/div>\n\t\t\t\t<\/div>\n\t\t\t\t<div class=\"elementor-element elementor-element-37ea133 elementor-widget elementor-widget-text-editor\" data-id=\"37ea133\" data-element_type=\"widget\" data-e-type=\"widget\" data-widget_type=\"text-editor.default\">\n\t\t\t\t<div class=\"elementor-widget-container\">\n\t\t\t\t\t\t\t\t\t<p>Adem\u00e1s contamos con el Centro de Habilitaci\u00f3n de Lenguaje y Audici\u00f3n (HAB.L.A.) para el manejo adecuado de los ni\u00f1os. Algunos de los ex\u00e1menes que ofrecemos son:<\/p>\t\t\t\t\t\t\t\t<\/div>\n\t\t\t\t<\/div>\n\t\t\t\t<div class=\"elementor-element elementor-element-e95ff69 elementor-widget elementor-widget-text-editor\" data-id=\"e95ff69\" data-element_type=\"widget\" data-e-type=\"widget\" data-widget_type=\"text-editor.default\">\n\t\t\t\t<div class=\"elementor-widget-container\">\n\t\t\t\t\t\t\t\t\t<ul><li>Tamizaje auditivo infantil.<\/li><li>Potenciales evocados auditivos con habla (BioMark).<\/li><li>Pruebas dic\u00f3ticas: BEPADI, SSW, DWLT, entre otras.<\/li><\/ul>\t\t\t\t\t\t\t\t<\/div>\n\t\t\t\t<\/div>\n\t\t\t\t<div class=\"elementor-element elementor-element-0f1513a elementor-widget elementor-widget-button\" data-id=\"0f1513a\" data-element_type=\"widget\" data-e-type=\"widget\" data-widget_type=\"button.default\">\n\t\t\t\t<div class=\"elementor-widget-container\">\n\t\t\t\t\t\t\t\t\t<div class=\"elementor-button-wrapper\">\n\t\t\t\t\t<a class=\"elementor-button elementor-button-link elementor-size-sm\" href=\"#reserva\">\n\t\t\t\t\t\t<span class=\"elementor-button-content-wrapper\">\n\t\t\t\t\t\t\t\t\t<span class=\"elementor-button-text\">Agendar un Diagn\u00f3stico<\/span>\n\t\t\t\t\t<\/span>\n\t\t\t\t\t<\/a>\n\t\t\t\t<\/div>\n\t\t\t\t\t\t\t\t<\/div>\n\t\t\t\t<\/div>\n\t\t\t\t<\/div>\n\t\t\t\t<div class=\"elementor-element elementor-element-820fdcc elementor-widget elementor-widget-image\" data-id=\"820fdcc\" data-element_type=\"widget\" data-e-type=\"widget\" data-widget_type=\"image.default\">\n\t\t\t\t<div class=\"elementor-widget-container\">\n\t\t\t\t\t\t\t\t\t\t\t\t\t\t\t<img loading=\"lazy\" decoding=\"async\" width=\"823\" height=\"870\" src=\"https:\/\/proaudio.ec\/wp-content\/uploads\/2020\/10\/Servicio_Pediatra.jpg\" class=\"attachment-full size-full wp-image-305\" alt=\"\" srcset=\"https:\/\/proaudio.ec\/wp-content\/uploads\/2020\/10\/Servicio_Pediatra.jpg 823w, https:\/\/proaudio.ec\/wp-content\/uploads\/2020\/10\/Servicio_Pediatra-284x300.jpg 284w, https:\/\/proaudio.ec\/wp-content\/uploads\/2020\/10\/Servicio_Pediatra-768x812.jpg 768w\" sizes=\"(max-width: 823px) 100vw, 823px\" \/>\t\t\t\t\t\t\t\t\t\t\t\t\t\t\t<\/div>\n\t\t\t\t<\/div>\n\t\t\t\t\t<\/div>\n\t\t\t\t<\/div>\n\t\t<div class=\"elementor-element elementor-element-6fb2f92 e-grid e-con-boxed e-con e-parent\" data-id=\"6fb2f92\" data-element_type=\"container\" data-e-type=\"container\" id=\"programa-implante-coclear\">\n\t\t\t\t\t<div class=\"e-con-inner\">\n\t\t<div class=\"elementor-element elementor-element-db08ee7 e-con-full e-flex e-con e-child\" data-id=\"db08ee7\" data-element_type=\"container\" data-e-type=\"container\">\n\t\t\t\t<div class=\"elementor-element elementor-element-04e2656 elementor-widget elementor-widget-heading\" data-id=\"04e2656\" data-element_type=\"widget\" data-e-type=\"widget\" data-widget_type=\"heading.default\">\n\t\t\t\t<div class=\"elementor-widget-container\">\n\t\t\t\t\t<h2 class=\"elementor-heading-title elementor-size-default\">IMPLANTE COCLEAR\n<\/h2>\t\t\t\t<\/div>\n\t\t\t\t<\/div>\n\t\t\t\t<div class=\"elementor-element elementor-element-a5fc2cf elementor-widget elementor-widget-text-editor\" data-id=\"a5fc2cf\" data-element_type=\"widget\" data-e-type=\"widget\" data-widget_type=\"text-editor.default\">\n\t\t\t\t<div class=\"elementor-widget-container\">\n\t\t\t\t\t\t\t\t\t<p>Desde el a\u00f1o 1997 en que se implement\u00f3 el programa, se ha brindado exitosa atenci\u00f3n a m\u00e1s de 700 pacientes, tanto ni\u00f1os como adultos.<\/p>\t\t\t\t\t\t\t\t<\/div>\n\t\t\t\t<\/div>\n\t\t\t\t<div class=\"elementor-element elementor-element-8db5305 elementor-widget elementor-widget-text-editor\" data-id=\"8db5305\" data-element_type=\"widget\" data-e-type=\"widget\" data-widget_type=\"text-editor.default\">\n\t\t\t\t<div class=\"elementor-widget-container\">\n\t\t\t\t\t\t\t\t\t<p>El implante coclear es una soluci\u00f3n auditiva que permite que los pacientes con p\u00e9rdidas profundas vuelvan a escuchar. A partir de una evaluaci\u00f3n espec\u00edfica se determina la idoneidad del paciente para recibir el implante y una vez que ingresa al programa, se cuenta con los siguientes servicios:<\/p>\t\t\t\t\t\t\t\t<\/div>\n\t\t\t\t<\/div>\n\t\t\t\t<div class=\"elementor-element elementor-element-93e1657 elementor-widget elementor-widget-text-editor\" data-id=\"93e1657\" data-element_type=\"widget\" data-e-type=\"widget\" data-widget_type=\"text-editor.default\">\n\t\t\t\t<div class=\"elementor-widget-container\">\n\t\t\t\t\t\t\t\t\t<ul><li><p>Exploraci\u00f3n pre y post implante.<\/p><\/li><li><p>Programaci\u00f3n y controles.<\/p><\/li><li><p>Habilitaci\u00f3n y rehabilitaci\u00f3n auditivo-oral.<\/p><\/li><li><p>Seguimiento.<\/p><\/li><li><p>Soporte t\u00e9cnico.<\/p><\/li><\/ul>\t\t\t\t\t\t\t\t<\/div>\n\t\t\t\t<\/div>\n\t\t\t\t<div class=\"elementor-element elementor-element-180dba0 elementor-widget elementor-widget-button\" data-id=\"180dba0\" data-element_type=\"widget\" data-e-type=\"widget\" data-widget_type=\"button.default\">\n\t\t\t\t<div class=\"elementor-widget-container\">\n\t\t\t\t\t\t\t\t\t<div class=\"elementor-button-wrapper\">\n\t\t\t\t\t<a class=\"elementor-button elementor-button-link elementor-size-sm\" href=\"#reserva\">\n\t\t\t\t\t\t<span class=\"elementor-button-content-wrapper\">\n\t\t\t\t\t\t\t\t\t<span class=\"elementor-button-text\">Agendar un Diagn\u00f3stico<\/span>\n\t\t\t\t\t<\/span>\n\t\t\t\t\t<\/a>\n\t\t\t\t<\/div>\n\t\t\t\t\t\t\t\t<\/div>\n\t\t\t\t<\/div>\n\t\t\t\t<\/div>\n\t\t\t\t<div class=\"elementor-element elementor-element-e38602d elementor-widget elementor-widget-image\" data-id=\"e38602d\" data-element_type=\"widget\" data-e-type=\"widget\" data-widget_type=\"image.default\">\n\t\t\t\t<div class=\"elementor-widget-container\">\n\t\t\t\t\t\t\t\t\t\t\t\t\t\t\t<img loading=\"lazy\" decoding=\"async\" width=\"823\" height=\"870\" src=\"https:\/\/proaudio.ec\/wp-content\/uploads\/2020\/10\/Servicio_Coclear.jpg\" class=\"attachment-full size-full wp-image-302\" alt=\"\" srcset=\"https:\/\/proaudio.ec\/wp-content\/uploads\/2020\/10\/Servicio_Coclear.jpg 823w, https:\/\/proaudio.ec\/wp-content\/uploads\/2020\/10\/Servicio_Coclear-284x300.jpg 284w, https:\/\/proaudio.ec\/wp-content\/uploads\/2020\/10\/Servicio_Coclear-768x812.jpg 768w\" sizes=\"(max-width: 823px) 100vw, 823px\" \/>\t\t\t\t\t\t\t\t\t\t\t\t\t\t\t<\/div>\n\t\t\t\t<\/div>\n\t\t\t\t\t<\/div>\n\t\t\t\t<\/div>\n\t\t<div class=\"elementor-element elementor-element-6882613 e-grid e-con-boxed e-con e-parent\" data-id=\"6882613\" data-element_type=\"container\" data-e-type=\"container\" id=\"habla\">\n\t\t\t\t\t<div class=\"e-con-inner\">\n\t\t<div class=\"elementor-element elementor-element-54f1359 e-con-full e-flex e-con e-child\" data-id=\"54f1359\" data-element_type=\"container\" data-e-type=\"container\">\n\t\t\t\t<div class=\"elementor-element elementor-element-dfdffbc elementor-widget elementor-widget-heading\" data-id=\"dfdffbc\" data-element_type=\"widget\" data-e-type=\"widget\" data-widget_type=\"heading.default\">\n\t\t\t\t<div class=\"elementor-widget-container\">\n\t\t\t\t\t<h2 class=\"elementor-heading-title elementor-size-default\">CENTRO DE HABILITACI\u00d3N DEL LENGUAJE Y LA AUDICI\u00d3N<\/h2>\t\t\t\t<\/div>\n\t\t\t\t<\/div>\n\t\t\t\t<div class=\"elementor-element elementor-element-fcaad4e elementor-widget elementor-widget-text-editor\" data-id=\"fcaad4e\" data-element_type=\"widget\" data-e-type=\"widget\" data-widget_type=\"text-editor.default\">\n\t\t\t\t<div class=\"elementor-widget-container\">\n\t\t\t\t\t\t\t\t\t<p>HABLA, es un centro multidisciplinario que trabaja en la rehabilitaci\u00f3n de trastornos del lenguaje y la audici\u00f3n. Ofrece apoyo diagn\u00f3stico, terapia de lenguaje, programas de (re)habilitaci\u00f3n auditivo-oral y asesoramiento familiar.<\/p>\t\t\t\t\t\t\t\t<\/div>\n\t\t\t\t<\/div>\n\t\t\t\t<div class=\"elementor-element elementor-element-e454e1f elementor-widget elementor-widget-image\" data-id=\"e454e1f\" data-element_type=\"widget\" data-e-type=\"widget\" data-widget_type=\"image.default\">\n\t\t\t\t<div class=\"elementor-widget-container\">\n\t\t\t\t\t\t\t\t\t\t\t\t\t\t\t<img loading=\"lazy\" decoding=\"async\" width=\"159\" height=\"70\" src=\"https:\/\/proaudio.ec\/wp-content\/uploads\/2020\/09\/Icono6.png\" class=\"attachment-large size-large wp-image-66\" alt=\"\" \/>\t\t\t\t\t\t\t\t\t\t\t\t\t\t\t<\/div>\n\t\t\t\t<\/div>\n\t\t\t\t<div class=\"elementor-element elementor-element-5885136 elementor-widget elementor-widget-button\" data-id=\"5885136\" data-element_type=\"widget\" data-e-type=\"widget\" data-widget_type=\"button.default\">\n\t\t\t\t<div class=\"elementor-widget-container\">\n\t\t\t\t\t\t\t\t\t<div class=\"elementor-button-wrapper\">\n\t\t\t\t\t<a class=\"elementor-button elementor-button-link elementor-size-sm\" href=\"#reserva\">\n\t\t\t\t\t\t<span class=\"elementor-button-content-wrapper\">\n\t\t\t\t\t\t\t\t\t<span class=\"elementor-button-text\">Agendar un Diagn\u00f3stico<\/span>\n\t\t\t\t\t<\/span>\n\t\t\t\t\t<\/a>\n\t\t\t\t<\/div>\n\t\t\t\t\t\t\t\t<\/div>\n\t\t\t\t<\/div>\n\t\t\t\t<\/div>\n\t\t\t\t<div class=\"elementor-element elementor-element-c5d30bb elementor-widget elementor-widget-image\" data-id=\"c5d30bb\" data-element_type=\"widget\" data-e-type=\"widget\" data-widget_type=\"image.default\">\n\t\t\t\t<div class=\"elementor-widget-container\">\n\t\t\t\t\t\t\t\t\t\t\t\t\t\t\t<img loading=\"lazy\" decoding=\"async\" width=\"823\" height=\"870\" src=\"https:\/\/proaudio.ec\/wp-content\/uploads\/2020\/10\/Servicio_Terapia.jpg\" class=\"attachment-full size-full wp-image-306\" alt=\"\" srcset=\"https:\/\/proaudio.ec\/wp-content\/uploads\/2020\/10\/Servicio_Terapia.jpg 823w, https:\/\/proaudio.ec\/wp-content\/uploads\/2020\/10\/Servicio_Terapia-284x300.jpg 284w, https:\/\/proaudio.ec\/wp-content\/uploads\/2020\/10\/Servicio_Terapia-768x812.jpg 768w\" sizes=\"(max-width: 823px) 100vw, 823px\" \/>\t\t\t\t\t\t\t\t\t\t\t\t\t\t\t<\/div>\n\t\t\t\t<\/div>\n\t\t\t\t\t<\/div>\n\t\t\t\t<\/div>\n\t\t<div class=\"elementor-element elementor-element-4adb693 e-grid e-con-boxed e-con e-parent\" data-id=\"4adb693\" data-element_type=\"container\" data-e-type=\"container\" id=\"tratamiento-tinnitus\">\n\t\t\t\t\t<div class=\"e-con-inner\">\n\t\t<div class=\"elementor-element elementor-element-a797677 e-con-full e-flex e-con e-child\" data-id=\"a797677\" data-element_type=\"container\" data-e-type=\"container\">\n\t\t\t\t<div class=\"elementor-element elementor-element-c7aec68 elementor-widget elementor-widget-heading\" data-id=\"c7aec68\" data-element_type=\"widget\" data-e-type=\"widget\" data-widget_type=\"heading.default\">\n\t\t\t\t<div class=\"elementor-widget-container\">\n\t\t\t\t\t<h2 class=\"elementor-heading-title elementor-size-default\">TINNITUS<\/h2>\t\t\t\t<\/div>\n\t\t\t\t<\/div>\n\t\t\t\t<div class=\"elementor-element elementor-element-98c2042 elementor-widget elementor-widget-text-editor\" data-id=\"98c2042\" data-element_type=\"widget\" data-e-type=\"widget\" data-widget_type=\"text-editor.default\">\n\t\t\t\t<div class=\"elementor-widget-container\">\n\t\t\t\t\t\t\t\t\t<p>La Cl\u00ednica del Tinnitus nace en respuesta a una necesidad de los pacientes con molestias provocadas por la presencia de ruidos o zumbidos en sus o\u00eddos. Se ha implementado un protocolo integral basado en la famosa Terapia de Reentrenamiento del Tinnitus de Pavel Jasstreboff. Adicionalmente se cuenta con el apoyo tecnol\u00f3gico de equipos espec\u00edficos para el Tinnitus. La meta es permitir que los pacientes tengan control sobre su ac\u00fafeno y \u00e9ste deje de ser un factor negativo en sus vidas. Para lograr esto contamos con:<\/p>\t\t\t\t\t\t\t\t<\/div>\n\t\t\t\t<\/div>\n\t\t\t\t<div class=\"elementor-element elementor-element-f79d4ef elementor-widget elementor-widget-text-editor\" data-id=\"f79d4ef\" data-element_type=\"widget\" data-e-type=\"widget\" data-widget_type=\"text-editor.default\">\n\t\t\t\t<div class=\"elementor-widget-container\">\n\t\t\t\t\t\t\t\t\t<ul><li><p>Evaluaci\u00f3n audiol\u00f3gica y espec\u00edfica para el tinnitus.<\/p><\/li><li><p>Consejer\u00eda.<\/p><\/li><li><p>Discusi\u00f3n sobre las distintas opciones de tratamiento.<\/p><\/li><li><p>Seguimiento.<\/p><\/li><\/ul>\t\t\t\t\t\t\t\t<\/div>\n\t\t\t\t<\/div>\n\t\t\t\t<div class=\"elementor-element elementor-element-a95aeb8 elementor-widget elementor-widget-button\" data-id=\"a95aeb8\" data-element_type=\"widget\" data-e-type=\"widget\" data-widget_type=\"button.default\">\n\t\t\t\t<div class=\"elementor-widget-container\">\n\t\t\t\t\t\t\t\t\t<div class=\"elementor-button-wrapper\">\n\t\t\t\t\t<a class=\"elementor-button elementor-button-link elementor-size-sm\" href=\"#reserva\">\n\t\t\t\t\t\t<span class=\"elementor-button-content-wrapper\">\n\t\t\t\t\t\t\t\t\t<span class=\"elementor-button-text\">Agendar un Diagn\u00f3stico<\/span>\n\t\t\t\t\t<\/span>\n\t\t\t\t\t<\/a>\n\t\t\t\t<\/div>\n\t\t\t\t\t\t\t\t<\/div>\n\t\t\t\t<\/div>\n\t\t\t\t<\/div>\n\t\t\t\t<div class=\"elementor-element elementor-element-f008655 elementor-widget elementor-widget-image\" data-id=\"f008655\" data-element_type=\"widget\" data-e-type=\"widget\" data-widget_type=\"image.default\">\n\t\t\t\t<div class=\"elementor-widget-container\">\n\t\t\t\t\t\t\t\t\t\t\t\t\t\t\t<img loading=\"lazy\" decoding=\"async\" width=\"823\" height=\"870\" src=\"https:\/\/proaudio.ec\/wp-content\/uploads\/2020\/10\/Servicio_Tinnitus.jpg\" class=\"attachment-full size-full wp-image-307\" alt=\"\" srcset=\"https:\/\/proaudio.ec\/wp-content\/uploads\/2020\/10\/Servicio_Tinnitus.jpg 823w, https:\/\/proaudio.ec\/wp-content\/uploads\/2020\/10\/Servicio_Tinnitus-284x300.jpg 284w, https:\/\/proaudio.ec\/wp-content\/uploads\/2020\/10\/Servicio_Tinnitus-768x812.jpg 768w\" sizes=\"(max-width: 823px) 100vw, 823px\" \/>\t\t\t\t\t\t\t\t\t\t\t\t\t\t\t<\/div>\n\t\t\t\t<\/div>\n\t\t\t\t\t<\/div>\n\t\t\t\t<\/div>\n\t\t<div class=\"elementor-element elementor-element-614fcae e-grid e-con-boxed e-con e-parent\" data-id=\"614fcae\" data-element_type=\"container\" data-e-type=\"container\" id=\"laboratorio-tecnico\">\n\t\t\t\t\t<div class=\"e-con-inner\">\n\t\t<div class=\"elementor-element elementor-element-991867f e-con-full e-flex e-con e-child\" data-id=\"991867f\" data-element_type=\"container\" data-e-type=\"container\">\n\t\t\t\t<div class=\"elementor-element elementor-element-b1c13a9 elementor-widget elementor-widget-heading\" data-id=\"b1c13a9\" data-element_type=\"widget\" data-e-type=\"widget\" data-widget_type=\"heading.default\">\n\t\t\t\t<div class=\"elementor-widget-container\">\n\t\t\t\t\t<h2 class=\"elementor-heading-title elementor-size-default\">LABORATORIO T\u00c9CNICO<\/h2>\t\t\t\t<\/div>\n\t\t\t\t<\/div>\n\t\t\t\t<div class=\"elementor-element elementor-element-f62af7b elementor-widget elementor-widget-text-editor\" data-id=\"f62af7b\" data-element_type=\"widget\" data-e-type=\"widget\" data-widget_type=\"text-editor.default\">\n\t\t\t\t<div class=\"elementor-widget-container\">\n\t\t\t\t\t\t\t\t\t<p>Proaudio cuenta con un moderno laboratorio altamente especializado que garantiza el respaldo y el correcto funcionamiento de los aud\u00edfonos de todos sus pacientes. Ofrecemos servicios de mantenimiento a auxiliares auditivos de cualquier marca. De igual manera contamos con el equipamiento necesario para garantizar la calibraci\u00f3n peri\u00f3dica de los equipos audiol\u00f3gicos que distribuye.<\/p><p>\u00a0<\/p>\t\t\t\t\t\t\t\t<\/div>\n\t\t\t\t<\/div>\n\t\t\t\t<div class=\"elementor-element elementor-element-1186dca elementor-widget elementor-widget-text-editor\" data-id=\"1186dca\" data-element_type=\"widget\" data-e-type=\"widget\" data-widget_type=\"text-editor.default\">\n\t\t\t\t<div class=\"elementor-widget-container\">\n\t\t\t\t\t\t\t\t\t<ul class=\"uk-list uk-list-disc nk-p\"><li class=\"el-item\"><div class=\"el-content uk-panel\"><p>Fabricaci\u00f3n de aud\u00edfonos hechos a la medida.<\/p><\/div><\/li><li class=\"el-item\"><div class=\"el-content uk-panel\"><p>Elaboraci\u00f3n de conchas y moldes anat\u00f3micos.<\/p><\/div><\/li><li class=\"el-item\"><div class=\"el-content uk-panel\"><p>Mantenimiento y reparaci\u00f3n de auxiliares auditivos.<\/p><\/div><\/li><li class=\"el-item\"><div class=\"el-content uk-panel\"><p>Mantenimiento preventivo, correctivo y calibraci\u00f3n de equipamiento audiol\u00f3gico.<\/p><\/div><\/li><\/ul>\t\t\t\t\t\t\t\t<\/div>\n\t\t\t\t<\/div>\n\t\t\t\t<\/div>\n\t\t\t\t<div class=\"elementor-element elementor-element-a60aa9f elementor-widget elementor-widget-image\" data-id=\"a60aa9f\" data-element_type=\"widget\" data-e-type=\"widget\" data-widget_type=\"image.default\">\n\t\t\t\t<div class=\"elementor-widget-container\">\n\t\t\t\t\t\t\t\t\t\t\t\t\t\t\t<img loading=\"lazy\" decoding=\"async\" width=\"824\" height=\"870\" src=\"https:\/\/proaudio.ec\/wp-content\/uploads\/2022\/02\/Laboratorio.jpg\" class=\"attachment-full size-full wp-image-1360\" alt=\"\" srcset=\"https:\/\/proaudio.ec\/wp-content\/uploads\/2022\/02\/Laboratorio.jpg 824w, https:\/\/proaudio.ec\/wp-content\/uploads\/2022\/02\/Laboratorio-284x300.jpg 284w, https:\/\/proaudio.ec\/wp-content\/uploads\/2022\/02\/Laboratorio-768x811.jpg 768w\" sizes=\"(max-width: 824px) 100vw, 824px\" \/>\t\t\t\t\t\t\t\t\t\t\t\t\t\t\t<\/div>\n\t\t\t\t<\/div>\n\t\t\t\t\t<\/div>\n\t\t\t\t<\/div>\n\t\t<div class=\"elementor-element elementor-element-7bc7fbc e-grid e-con-boxed e-con e-parent\" data-id=\"7bc7fbc\" data-element_type=\"container\" data-e-type=\"container\" id=\"responsabilidad-social\">\n\t\t\t\t\t<div class=\"e-con-inner\">\n\t\t<div class=\"elementor-element elementor-element-ae4b7d4 e-con-full e-flex e-con e-child\" data-id=\"ae4b7d4\" data-element_type=\"container\" data-e-type=\"container\">\n\t\t\t\t<div class=\"elementor-element elementor-element-b785b4c elementor-widget elementor-widget-heading\" data-id=\"b785b4c\" data-element_type=\"widget\" data-e-type=\"widget\" data-widget_type=\"heading.default\">\n\t\t\t\t<div class=\"elementor-widget-container\">\n\t\t\t\t\t<h2 class=\"elementor-heading-title elementor-size-default\">RESPONSABILIDAD SOCIAL<\/h2>\t\t\t\t<\/div>\n\t\t\t\t<\/div>\n\t\t\t\t<div class=\"elementor-element elementor-element-d3d6559 elementor-widget elementor-widget-text-editor\" data-id=\"d3d6559\" data-element_type=\"widget\" data-e-type=\"widget\" data-widget_type=\"text-editor.default\">\n\t\t\t\t<div class=\"elementor-widget-container\">\n\t\t\t\t\t\t\t\t\tEstamos convencidos de la importancia del trabajo con las personas menos favorecidas, por lo que nuestra labor tambi\u00e9n se extiende hacia este sector de la poblaci\u00f3n. Es por ello que apoyamos de manera constante a diferentes instituciones que brindan atenci\u00f3n integral a personas con discapacidad a trav\u00e9s de servicios con el mismo grado de excelencia y calidad a costos sociales. \t\t\t\t\t\t\t\t<\/div>\n\t\t\t\t<\/div>\n\t\t\t\t<div class=\"elementor-element elementor-element-88a8a81 elementor-widget elementor-widget-image\" data-id=\"88a8a81\" data-element_type=\"widget\" data-e-type=\"widget\" data-widget_type=\"image.default\">\n\t\t\t\t<div class=\"elementor-widget-container\">\n\t\t\t\t\t\t\t\t\t\t\t\t\t\t\t<img loading=\"lazy\" decoding=\"async\" width=\"312\" height=\"85\" src=\"https:\/\/proaudio.ec\/wp-content\/uploads\/2021\/04\/Logo_Responsabilidad-Social.png\" class=\"attachment-large size-large wp-image-1062\" alt=\"\" srcset=\"https:\/\/proaudio.ec\/wp-content\/uploads\/2021\/04\/Logo_Responsabilidad-Social.png 312w, https:\/\/proaudio.ec\/wp-content\/uploads\/2021\/04\/Logo_Responsabilidad-Social-300x82.png 300w\" sizes=\"(max-width: 312px) 100vw, 312px\" \/>\t\t\t\t\t\t\t\t\t\t\t\t\t\t\t<\/div>\n\t\t\t\t<\/div>\n\t\t\t\t<\/div>\n\t\t\t\t<div class=\"elementor-element elementor-element-54af14a elementor-widget elementor-widget-image\" data-id=\"54af14a\" data-element_type=\"widget\" data-e-type=\"widget\" data-widget_type=\"image.default\">\n\t\t\t\t<div class=\"elementor-widget-container\">\n\t\t\t\t\t\t\t\t\t\t\t\t\t\t\t<img loading=\"lazy\" decoding=\"async\" width=\"1845\" height=\"1231\" src=\"https:\/\/proaudio.ec\/wp-content\/uploads\/2023\/09\/Responsabilidad-Social-Proaudio.jpeg\" class=\"attachment-full size-full wp-image-1547\" alt=\"\" srcset=\"https:\/\/proaudio.ec\/wp-content\/uploads\/2023\/09\/Responsabilidad-Social-Proaudio.jpeg 1845w, https:\/\/proaudio.ec\/wp-content\/uploads\/2023\/09\/Responsabilidad-Social-Proaudio-300x200.jpeg 300w, https:\/\/proaudio.ec\/wp-content\/uploads\/2023\/09\/Responsabilidad-Social-Proaudio-1024x683.jpeg 1024w, https:\/\/proaudio.ec\/wp-content\/uploads\/2023\/09\/Responsabilidad-Social-Proaudio-768x512.jpeg 768w, https:\/\/proaudio.ec\/wp-content\/uploads\/2023\/09\/Responsabilidad-Social-Proaudio-1536x1025.jpeg 1536w\" sizes=\"(max-width: 1845px) 100vw, 1845px\" \/>\t\t\t\t\t\t\t\t\t\t\t\t\t\t\t<\/div>\n\t\t\t\t<\/div>\n\t\t\t\t\t<\/div>\n\t\t\t\t<\/div>\n\t\t<div class=\"elementor-element elementor-element-bf07255 e-grid e-con-boxed e-con e-parent\" data-id=\"bf07255\" data-element_type=\"container\" data-e-type=\"container\" id=\"reserva\" data-settings=\"{&quot;background_background&quot;:&quot;classic&quot;}\">\n\t\t\t\t\t<div class=\"e-con-inner\">\n\t\t<div class=\"elementor-element elementor-element-93bebb6 e-con-full e-flex e-con e-child\" data-id=\"93bebb6\" data-element_type=\"container\" data-e-type=\"container\">\n\t\t\t\t<\/div>\n\t\t<div class=\"elementor-element elementor-element-6579496 e-con-full e-flex e-con e-child\" data-id=\"6579496\" data-element_type=\"container\" data-e-type=\"container\" data-settings=\"{&quot;background_background&quot;:&quot;classic&quot;}\">\n\t\t\t\t<div class=\"elementor-element elementor-element-844cf17 elementor-widget elementor-widget-heading\" data-id=\"844cf17\" data-element_type=\"widget\" data-e-type=\"widget\" data-widget_type=\"heading.default\">\n\t\t\t\t<div class=\"elementor-widget-container\">\n\t\t\t\t\t<h2 class=\"elementor-heading-title elementor-size-default\">RESERVA UNA CITA QUEREMOS SABER DE TI<\/h2>\t\t\t\t<\/div>\n\t\t\t\t<\/div>\n\t\t\t\t<div class=\"elementor-element elementor-element-50b3fc7 elementor-widget elementor-widget-menu-anchor\" data-id=\"50b3fc7\" data-element_type=\"widget\" data-e-type=\"widget\" data-widget_type=\"menu-anchor.default\">\n\t\t\t\t<div class=\"elementor-widget-container\">\n\t\t\t\t\t\t\t<div class=\"elementor-menu-anchor\" id=\"reserva-cita\"><\/div>\n\t\t\t\t\t\t<\/div>\n\t\t\t\t<\/div>\n\t\t\t\t<div class=\"elementor-element elementor-element-f66bdf8 elementor-widget elementor-widget-text-editor\" data-id=\"f66bdf8\" data-element_type=\"widget\" data-e-type=\"widget\" data-widget_type=\"text-editor.default\">\n\t\t\t\t<div class=\"elementor-widget-container\">\n\t\t\t\t\t\t\t\t\tEstamos aqu\u00ed para ayudarte escr\u00edbenos con tus requerimientos y enseguida te responderemos \t\t\t\t\t\t\t\t<\/div>\n\t\t\t\t<\/div>\n\t\t\t\t<div class=\"elementor-element elementor-element-6ef33f0 elementor-button-align-stretch elementor-widget elementor-widget-form\" data-id=\"6ef33f0\" data-element_type=\"widget\" data-e-type=\"widget\" data-settings=\"{&quot;step_next_label&quot;:&quot;Siguiente&quot;,&quot;step_previous_label&quot;:&quot;Anterior&quot;,&quot;button_width&quot;:&quot;100&quot;,&quot;step_type&quot;:&quot;number_text&quot;,&quot;step_icon_shape&quot;:&quot;circle&quot;}\" data-widget_type=\"form.default\">\n\t\t\t\t<div class=\"elementor-widget-container\">\n\t\t\t\t\t\t\t<form class=\"elementor-form\" method=\"post\" name=\"Nuevo formulario\" aria-label=\"Nuevo formulario\">\n\t\t\t<input type=\"hidden\" name=\"post_id\" value=\"1768\"\/>\n\t\t\t<input type=\"hidden\" name=\"form_id\" value=\"6ef33f0\"\/>\n\t\t\t<input type=\"hidden\" name=\"referer_title\" value=\"Proaudio Ecuador - Aud\u00edfonos de \u00faltima tecnolog\u00eda y diagn\u00f3stico audiol\u00f3gico\" \/>\n\n\t\t\t\t\t\t\t<input type=\"hidden\" name=\"queried_id\" value=\"1768\"\/>\n\t\t\t\n\t\t\t<div class=\"elementor-form-fields-wrapper elementor-labels-above\">\n\t\t\t\t\t\t\t\t<div class=\"elementor-field-type-text elementor-field-group elementor-column elementor-field-group-name elementor-col-50 elementor-field-required\">\n\t\t\t\t\t\t\t\t\t\t\t\t<label for=\"form-field-name\" class=\"elementor-field-label\">\n\t\t\t\t\t\t\t\tNombre:\t\t\t\t\t\t\t<\/label>\n\t\t\t\t\t\t\t\t\t\t\t\t\t\t<input size=\"1\" type=\"text\" name=\"form_fields[name]\" id=\"form-field-name\" class=\"elementor-field elementor-size-sm  elementor-field-textual\" required=\"required\">\n\t\t\t\t\t\t\t\t\t\t\t<\/div>\n\t\t\t\t\t\t\t\t<div class=\"elementor-field-type-text elementor-field-group elementor-column elementor-field-group-field_d749573 elementor-col-50 elementor-field-required\">\n\t\t\t\t\t\t\t\t\t\t\t\t<label for=\"form-field-field_d749573\" class=\"elementor-field-label\">\n\t\t\t\t\t\t\t\tApellidos:\t\t\t\t\t\t\t<\/label>\n\t\t\t\t\t\t\t\t\t\t\t\t\t\t<input size=\"1\" type=\"text\" name=\"form_fields[field_d749573]\" id=\"form-field-field_d749573\" class=\"elementor-field elementor-size-sm  elementor-field-textual\" required=\"required\">\n\t\t\t\t\t\t\t\t\t\t\t<\/div>\n\t\t\t\t\t\t\t\t<div class=\"elementor-field-type-email elementor-field-group elementor-column elementor-field-group-email elementor-col-100 elementor-field-required\">\n\t\t\t\t\t\t\t\t\t\t\t\t<label for=\"form-field-email\" class=\"elementor-field-label\">\n\t\t\t\t\t\t\t\tCorreo electr\u00f3nico\t\t\t\t\t\t\t<\/label>\n\t\t\t\t\t\t\t\t\t\t\t\t\t\t<input size=\"1\" type=\"email\" name=\"form_fields[email]\" id=\"form-field-email\" class=\"elementor-field elementor-size-sm  elementor-field-textual\" required=\"required\">\n\t\t\t\t\t\t\t\t\t\t\t<\/div>\n\t\t\t\t\t\t\t\t<div class=\"elementor-field-type-tel elementor-field-group elementor-column elementor-field-group-field_5e20d2d elementor-col-50 elementor-field-required\">\n\t\t\t\t\t\t\t\t\t\t\t\t<label for=\"form-field-field_5e20d2d\" class=\"elementor-field-label\">\n\t\t\t\t\t\t\t\tTelefono:\t\t\t\t\t\t\t<\/label>\n\t\t\t\t\t\t\t\t<input size=\"1\" type=\"tel\" name=\"form_fields[field_5e20d2d]\" id=\"form-field-field_5e20d2d\" class=\"elementor-field elementor-size-sm  elementor-field-textual\" required=\"required\" pattern=\"[0-9()#&amp;+*-=.]+\" title=\"Solo se aceptan n\u00fameros y caracteres de tel\u00e9fono (#,-,*,etc).\">\n\n\t\t\t\t\t\t<\/div>\n\t\t\t\t\t\t\t\t<div class=\"elementor-field-type-text elementor-field-group elementor-column elementor-field-group-field_2b31b74 elementor-col-50 elementor-field-required\">\n\t\t\t\t\t\t\t\t\t\t\t\t<label for=\"form-field-field_2b31b74\" class=\"elementor-field-label\">\n\t\t\t\t\t\t\t\tCiudad:\t\t\t\t\t\t\t<\/label>\n\t\t\t\t\t\t\t\t\t\t\t\t\t\t<input size=\"1\" type=\"text\" name=\"form_fields[field_2b31b74]\" id=\"form-field-field_2b31b74\" class=\"elementor-field elementor-size-sm  elementor-field-textual\" required=\"required\">\n\t\t\t\t\t\t\t\t\t\t\t<\/div>\n\t\t\t\t\t\t\t\t<div class=\"elementor-field-type-select elementor-field-group elementor-column elementor-field-group-field_e9002a3 elementor-col-100 elementor-field-required\">\n\t\t\t\t\t\t\t\t\t\t\t\t<label for=\"form-field-field_e9002a3\" class=\"elementor-field-label\">\n\t\t\t\t\t\t\t\tTipo de agendamiento:\t\t\t\t\t\t\t<\/label>\n\t\t\t\t\t\t\t\t<div class=\"elementor-field elementor-select-wrapper remove-before \">\n\t\t\t<div class=\"select-caret-down-wrapper\">\n\t\t\t\t<svg aria-hidden=\"true\" class=\"e-font-icon-svg e-eicon-caret-down\" viewBox=\"0 0 571.4 571.4\" xmlns=\"http:\/\/www.w3.org\/2000\/svg\"><path d=\"M571 393Q571 407 561 418L311 668Q300 679 286 679T261 668L11 418Q0 407 0 393T11 368 36 357H536Q550 357 561 368T571 393Z\"><\/path><\/svg>\t\t\t<\/div>\n\t\t\t<select name=\"form_fields[field_e9002a3]\" id=\"form-field-field_e9002a3\" class=\"elementor-field-textual elementor-size-sm\" required=\"required\">\n\t\t\t\t\t\t\t\t\t<option value=\"\"><\/option>\n\t\t\t\t\t\t\t\t\t<option value=\"Audiometr\u00eda gratuita\">Audiometr\u00eda gratuita<\/option>\n\t\t\t\t\t\t\t\t\t<option value=\"Control trimestral\">Control trimestral<\/option>\n\t\t\t\t\t\t\t\t\t<option value=\"Reparaci\u00f3n aud\u00edfonos\">Reparaci\u00f3n aud\u00edfonos<\/option>\n\t\t\t\t\t\t\t\t\t<option value=\"Audiolog\u00eda pedi\u00e1trica\">Audiolog\u00eda pedi\u00e1trica<\/option>\n\t\t\t\t\t\t\t\t\t<option value=\"Tamisaje auditivo\">Tamisaje auditivo<\/option>\n\t\t\t\t\t\t\t\t\t<option value=\"Implante coclear\">Implante coclear<\/option>\n\t\t\t\t\t\t\t\t\t<option value=\"Examen audiom\u00e9trico para ni\u00f1os\">Examen audiom\u00e9trico para ni\u00f1os<\/option>\n\t\t\t\t\t\t\t\t\t<option value=\"Logoaudiometr\u00eda\">Logoaudiometr\u00eda<\/option>\n\t\t\t\t\t\t\t\t\t<option value=\"Consulta terapia de lenguaje\">Consulta terapia de lenguaje<\/option>\n\t\t\t\t\t\t\t\t\t<option value=\"Tapones auditivos\">Tapones auditivos<\/option>\n\t\t\t\t\t\t\t<\/select>\n\t\t<\/div>\n\t\t\t\t\t\t<\/div>\n\t\t\t\t\t\t\t\t<div class=\"elementor-field-type-textarea elementor-field-group elementor-column elementor-field-group-message elementor-col-100 elementor-field-required\">\n\t\t\t\t\t\t\t\t\t\t\t\t<label for=\"form-field-message\" class=\"elementor-field-label\">\n\t\t\t\t\t\t\t\tMensaje\t\t\t\t\t\t\t<\/label>\n\t\t\t\t\t\t<textarea class=\"elementor-field-textual elementor-field  elementor-size-sm\" name=\"form_fields[message]\" id=\"form-field-message\" rows=\"4\" required=\"required\"><\/textarea>\t\t\t\t<\/div>\n\t\t\t\t\t\t\t\t<div class=\"elementor-field-type-acceptance elementor-field-group elementor-column elementor-field-group-field_3e397a0 elementor-col-100 elementor-field-required\">\n\t\t\t\t\t\t\t\t\t\t\t\t<label for=\"form-field-field_3e397a0\" class=\"elementor-field-label\">\n\t\t\t\t\t\t\t\tPolitica de protecci\u00f3n de datos\t\t\t\t\t\t\t<\/label>\n\t\t\t\t\t\t\t\t<div class=\"elementor-field-subgroup\">\n\t\t\t<span class=\"elementor-field-option\">\n\t\t\t\t<input type=\"checkbox\" name=\"form_fields[field_3e397a0]\" id=\"form-field-field_3e397a0\" class=\"elementor-field elementor-size-sm  elementor-acceptance-field\" required=\"required\">\n\t\t\t\t<label for=\"form-field-field_3e397a0\">En cumplimiento de la ley de protecci\u00f3n de datos, te recordamos que tus datos est\u00e1n seguros y solo ser\u00e1n usados para fines relacionados con nuestros servicios.\nPara poder enviarte informaci\u00f3n, necesitamos tu aceptaci\u00f3n de nuestra pol\u00edtica de protecci\u00f3n de datos.<\/label>\t\t\t<\/span>\n\t\t<\/div>\n\t\t\t\t\t\t<\/div>\n\t\t\t\t\t\t\t\t<div class=\"elementor-field-type-recaptcha_v3 elementor-field-group elementor-column elementor-field-group-field_bb22c2a elementor-col-100 recaptcha_v3-bottomright\">\n\t\t\t\t\t<div class=\"elementor-field\" id=\"form-field-field_bb22c2a\"><div class=\"elementor-g-recaptcha\" data-sitekey=\"6LerNuorAAAAABg_qheo3R6gfuTeF0FqBfQmHkf4\" data-type=\"v3\" data-action=\"Form\" data-badge=\"bottomright\" data-size=\"invisible\"><\/div><\/div>\t\t\t\t<\/div>\n\t\t\t\t\t\t\t\t<div class=\"elementor-field-group elementor-column elementor-field-type-submit elementor-col-100 e-form__buttons\">\n\t\t\t\t\t<button class=\"elementor-button elementor-size-sm\" type=\"submit\">\n\t\t\t\t\t\t<span class=\"elementor-button-content-wrapper\">\n\t\t\t\t\t\t\t\t\t\t\t\t\t\t\t\t\t\t\t\t\t\t<span class=\"elementor-button-text\">Enviar<\/span>\n\t\t\t\t\t\t\t\t\t\t\t\t\t<\/span>\n\t\t\t\t\t<\/button>\n\t\t\t\t<\/div>\n\t\t\t<\/div>\n\t\t<\/form>\n\t\t\t\t\t\t<\/div>\n\t\t\t\t<\/div>\n\t\t\t\t<div class=\"elementor-element elementor-element-e6e5dbf elementor-widget elementor-widget-menu-anchor\" data-id=\"e6e5dbf\" data-element_type=\"widget\" data-e-type=\"widget\" data-widget_type=\"menu-anchor.default\">\n\t\t\t\t<div class=\"elementor-widget-container\">\n\t\t\t\t\t\t\t<div class=\"elementor-menu-anchor\" id=\"contacto\"><\/div>\n\t\t\t\t\t\t<\/div>\n\t\t\t\t<\/div>\n\t\t\t\t<\/div>\n\t\t\t\t\t<\/div>\n\t\t\t\t<\/div>\n\t\t\t\t<\/div>\n\t\t","protected":false},"excerpt":{"rendered":"<p>\u00bfC\u00f3mo llegar?\u00bfC\u00f3mo llegar? Somos el mayor Instituto especializado en Problemas de Audici\u00f3n y Lenguaje dentro del pa\u00eds y uno de [&hellip;]<\/p>\n","protected":false},"author":4,"featured_media":0,"parent":0,"menu_order":0,"comment_status":"closed","ping_status":"closed","template":"","meta":{"_uf_show_specific_survey":0,"_uf_disable_surveys":false,"site-sidebar-layout":"no-sidebar","site-content-layout":"","ast-site-content-layout":"full-width-container","site-content-style":"default","site-sidebar-style":"default","ast-global-header-display":"","ast-banner-title-visibility":"","ast-main-header-display":"","ast-hfb-above-header-display":"","ast-hfb-below-header-display":"","ast-hfb-mobile-header-display":"","site-post-title":"disabled","ast-breadcrumbs-content":"","ast-featured-img":"disabled","footer-sml-layout":"","ast-disable-related-posts":"","theme-transparent-header-meta":"","adv-header-id-meta":"","stick-header-meta":"","header-above-stick-meta":"","header-main-stick-meta":"","header-below-stick-meta":"","astra-migrate-meta-layouts":"default","ast-page-background-enabled":"default","ast-page-background-meta":{"desktop":{"background-color":"var(--ast-global-color-4)","background-image":"","background-repeat":"repeat","background-position":"center center","background-size":"auto","background-attachment":"scroll","background-type":"","background-media":"","overlay-type":"","overlay-color":"","overlay-opacity":"","overlay-gradient":""},"tablet":{"background-color":"","background-image":"","background-repeat":"repeat","background-position":"center center","background-size":"auto","background-attachment":"scroll","background-type":"","background-media":"","overlay-type":"","overlay-color":"","overlay-opacity":"","overlay-gradient":""},"mobile":{"background-color":"","background-image":"","background-repeat":"repeat","background-position":"center center","background-size":"auto","background-attachment":"scroll","background-type":"","background-media":"","overlay-type":"","overlay-color":"","overlay-opacity":"","overlay-gradient":""}},"ast-content-background-meta":{"desktop":{"background-color":"var(--ast-global-color-5)","background-image":"","background-repeat":"repeat","background-position":"center center","background-size":"auto","background-attachment":"scroll","background-type":"","background-media":"","overlay-type":"","overlay-color":"","overlay-opacity":"","overlay-gradient":""},"tablet":{"background-color":"var(--ast-global-color-5)","background-image":"","background-repeat":"repeat","background-position":"center center","background-size":"auto","background-attachment":"scroll","background-type":"","background-media":"","overlay-type":"","overlay-color":"","overlay-opacity":"","overlay-gradient":""},"mobile":{"background-color":"var(--ast-global-color-5)","background-image":"","background-repeat":"repeat","background-position":"center center","background-size":"auto","background-attachment":"scroll","background-type":"","background-media":"","overlay-type":"","overlay-color":"","overlay-opacity":"","overlay-gradient":""}},"footnotes":""},"class_list":["post-1768","page","type-page","status-publish","hentry"],"yoast_head":"<!-- This site is optimized with the Yoast SEO Premium plugin v26.0 (Yoast SEO v27.5) - https:\/\/yoast.com\/product\/yoast-seo-premium-wordpress\/ -->\n<title>Proaudio Ecuador - Aud\u00edfonos de \u00faltima tecnolog\u00eda y diagn\u00f3stico audiol\u00f3gico<\/title>\n<meta name=\"description\" content=\"Instituto l\u00edder en audici\u00f3n y lenguaje en Ecuador. Audiometr\u00eda, Tinnitus, audiolog\u00eda pedi\u00e1trica, implantes y laboratorio t\u00e9cnico. Sucursales en Quito, Guayaquil, Cuenca, Ambato y m\u00e1s. Agenda tu cita.\" \/>\n<meta name=\"robots\" content=\"index, follow, max-snippet:-1, max-image-preview:large, max-video-preview:-1\" \/>\n<link rel=\"canonical\" href=\"https:\/\/proaudio.ec\/\" \/>\n<meta property=\"og:locale\" content=\"es_ES\" \/>\n<meta property=\"og:type\" content=\"article\" \/>\n<meta property=\"og:title\" content=\"Proaudio\" \/>\n<meta property=\"og:description\" content=\"Instituto l\u00edder en audici\u00f3n y lenguaje en Ecuador. Audiometr\u00eda, Tinnitus, audiolog\u00eda pedi\u00e1trica, implantes y laboratorio t\u00e9cnico. Sucursales en Quito, Guayaquil, Cuenca, Ambato y m\u00e1s. Agenda tu cita.\" \/>\n<meta property=\"og:url\" content=\"https:\/\/proaudio.ec\/\" \/>\n<meta property=\"og:site_name\" content=\"Proaudio\" \/>\n<meta property=\"article:publisher\" content=\"https:\/\/www.facebook.com\/proaudioecuador\" \/>\n<meta property=\"article:modified_time\" content=\"2026-04-13T17:12:49+00:00\" \/>\n<meta property=\"og:image\" content=\"https:\/\/proaudio.ec\/wp-content\/uploads\/2020\/10\/phonak_logo.png\" \/>\n\t<meta property=\"og:image:width\" content=\"161\" \/>\n\t<meta property=\"og:image:height\" content=\"58\" \/>\n\t<meta property=\"og:image:type\" content=\"image\/png\" \/>\n<meta name=\"twitter:card\" content=\"summary_large_image\" \/>\n<meta name=\"twitter:label1\" content=\"Tiempo de lectura\" \/>\n\t<meta name=\"twitter:data1\" content=\"7 minutos\" \/>\n<script type=\"application\/ld+json\" class=\"yoast-schema-graph\">{\"@context\":\"https:\\\/\\\/schema.org\",\"@graph\":[{\"@type\":\"WebPage\",\"@id\":\"https:\\\/\\\/proaudio.ec\\\/\",\"url\":\"https:\\\/\\\/proaudio.ec\\\/\",\"name\":\"Proaudio Ecuador - Aud\u00edfonos de \u00faltima tecnolog\u00eda y diagn\u00f3stico audiol\u00f3gico\",\"isPartOf\":{\"@id\":\"https:\\\/\\\/proaudio.ec\\\/#website\"},\"primaryImageOfPage\":{\"@id\":\"https:\\\/\\\/proaudio.ec\\\/#primaryimage\"},\"image\":{\"@id\":\"https:\\\/\\\/proaudio.ec\\\/#primaryimage\"},\"thumbnailUrl\":\"https:\\\/\\\/proaudio.ec\\\/wp-content\\\/uploads\\\/2020\\\/10\\\/phonak_logo.png\",\"datePublished\":\"2024-08-29T19:08:47+00:00\",\"dateModified\":\"2026-04-13T17:12:49+00:00\",\"description\":\"Instituto l\u00edder en audici\u00f3n y lenguaje en Ecuador. Audiometr\u00eda, Tinnitus, audiolog\u00eda pedi\u00e1trica, implantes y laboratorio t\u00e9cnico. Sucursales en Quito, Guayaquil, Cuenca, Ambato y m\u00e1s. Agenda tu cita.\",\"breadcrumb\":{\"@id\":\"https:\\\/\\\/proaudio.ec\\\/#breadcrumb\"},\"inLanguage\":\"es\",\"potentialAction\":[{\"@type\":\"ReadAction\",\"target\":[\"https:\\\/\\\/proaudio.ec\\\/\"]}]},{\"@type\":\"ImageObject\",\"inLanguage\":\"es\",\"@id\":\"https:\\\/\\\/proaudio.ec\\\/#primaryimage\",\"url\":\"https:\\\/\\\/proaudio.ec\\\/wp-content\\\/uploads\\\/2020\\\/10\\\/phonak_logo.png\",\"contentUrl\":\"https:\\\/\\\/proaudio.ec\\\/wp-content\\\/uploads\\\/2020\\\/10\\\/phonak_logo.png\",\"width\":161,\"height\":58},{\"@type\":\"BreadcrumbList\",\"@id\":\"https:\\\/\\\/proaudio.ec\\\/#breadcrumb\",\"itemListElement\":[{\"@type\":\"ListItem\",\"position\":1,\"name\":\"Portada\",\"item\":\"https:\\\/\\\/proaudio.ec\\\/\"},{\"@type\":\"ListItem\",\"position\":2,\"name\":\"Proaudio\"}]},{\"@type\":\"WebSite\",\"@id\":\"https:\\\/\\\/proaudio.ec\\\/#website\",\"url\":\"https:\\\/\\\/proaudio.ec\\\/\",\"name\":\"Proaudio\",\"description\":\"Instituto Integral de Audici\u00f3n y Lenguaje\",\"publisher\":{\"@id\":\"https:\\\/\\\/proaudio.ec\\\/#organization\"},\"potentialAction\":[{\"@type\":\"SearchAction\",\"target\":{\"@type\":\"EntryPoint\",\"urlTemplate\":\"https:\\\/\\\/proaudio.ec\\\/?s={search_term_string}\"},\"query-input\":{\"@type\":\"PropertyValueSpecification\",\"valueRequired\":true,\"valueName\":\"search_term_string\"}}],\"inLanguage\":\"es\"},{\"@type\":\"Organization\",\"@id\":\"https:\\\/\\\/proaudio.ec\\\/#organization\",\"name\":\"Proaudio\",\"url\":\"https:\\\/\\\/proaudio.ec\\\/\",\"logo\":{\"@type\":\"ImageObject\",\"inLanguage\":\"es\",\"@id\":\"https:\\\/\\\/proaudio.ec\\\/#\\\/schema\\\/logo\\\/image\\\/\",\"url\":\"https:\\\/\\\/proaudio.ec\\\/wp-content\\\/uploads\\\/2024\\\/01\\\/logo.jpg\",\"contentUrl\":\"https:\\\/\\\/proaudio.ec\\\/wp-content\\\/uploads\\\/2024\\\/01\\\/logo.jpg\",\"width\":343,\"height\":60,\"caption\":\"Proaudio\"},\"image\":{\"@id\":\"https:\\\/\\\/proaudio.ec\\\/#\\\/schema\\\/logo\\\/image\\\/\"},\"sameAs\":[\"https:\\\/\\\/www.facebook.com\\\/proaudioecuador\",\"https:\\\/\\\/www.instagram.com\\\/proaudioecuador\"],\"telephone\":\"0964033033\"}]}<\/script>\n<!-- \/ Yoast SEO Premium plugin. -->","yoast_head_json":{"title":"Proaudio Ecuador - Aud\u00edfonos de \u00faltima tecnolog\u00eda y diagn\u00f3stico audiol\u00f3gico","description":"Instituto l\u00edder en audici\u00f3n y lenguaje en Ecuador. Audiometr\u00eda, Tinnitus, audiolog\u00eda pedi\u00e1trica, implantes y laboratorio t\u00e9cnico. Sucursales en Quito, Guayaquil, Cuenca, Ambato y m\u00e1s. Agenda tu cita.","robots":{"index":"index","follow":"follow","max-snippet":"max-snippet:-1","max-image-preview":"max-image-preview:large","max-video-preview":"max-video-preview:-1"},"canonical":"https:\/\/proaudio.ec\/","og_locale":"es_ES","og_type":"article","og_title":"Proaudio","og_description":"Instituto l\u00edder en audici\u00f3n y lenguaje en Ecuador. Audiometr\u00eda, Tinnitus, audiolog\u00eda pedi\u00e1trica, implantes y laboratorio t\u00e9cnico. Sucursales en Quito, Guayaquil, Cuenca, Ambato y m\u00e1s. Agenda tu cita.","og_url":"https:\/\/proaudio.ec\/","og_site_name":"Proaudio","article_publisher":"https:\/\/www.facebook.com\/proaudioecuador","article_modified_time":"2026-04-13T17:12:49+00:00","og_image":[{"width":161,"height":58,"url":"https:\/\/proaudio.ec\/wp-content\/uploads\/2020\/10\/phonak_logo.png","type":"image\/png"}],"twitter_card":"summary_large_image","twitter_misc":{"Tiempo de lectura":"7 minutos"},"schema":{"@context":"https:\/\/schema.org","@graph":[{"@type":"WebPage","@id":"https:\/\/proaudio.ec\/","url":"https:\/\/proaudio.ec\/","name":"Proaudio Ecuador - Aud\u00edfonos de \u00faltima tecnolog\u00eda y diagn\u00f3stico audiol\u00f3gico","isPartOf":{"@id":"https:\/\/proaudio.ec\/#website"},"primaryImageOfPage":{"@id":"https:\/\/proaudio.ec\/#primaryimage"},"image":{"@id":"https:\/\/proaudio.ec\/#primaryimage"},"thumbnailUrl":"https:\/\/proaudio.ec\/wp-content\/uploads\/2020\/10\/phonak_logo.png","datePublished":"2024-08-29T19:08:47+00:00","dateModified":"2026-04-13T17:12:49+00:00","description":"Instituto l\u00edder en audici\u00f3n y lenguaje en Ecuador. Audiometr\u00eda, Tinnitus, audiolog\u00eda pedi\u00e1trica, implantes y laboratorio t\u00e9cnico. Sucursales en Quito, Guayaquil, Cuenca, Ambato y m\u00e1s. Agenda tu cita.","breadcrumb":{"@id":"https:\/\/proaudio.ec\/#breadcrumb"},"inLanguage":"es","potentialAction":[{"@type":"ReadAction","target":["https:\/\/proaudio.ec\/"]}]},{"@type":"ImageObject","inLanguage":"es","@id":"https:\/\/proaudio.ec\/#primaryimage","url":"https:\/\/proaudio.ec\/wp-content\/uploads\/2020\/10\/phonak_logo.png","contentUrl":"https:\/\/proaudio.ec\/wp-content\/uploads\/2020\/10\/phonak_logo.png","width":161,"height":58},{"@type":"BreadcrumbList","@id":"https:\/\/proaudio.ec\/#breadcrumb","itemListElement":[{"@type":"ListItem","position":1,"name":"Portada","item":"https:\/\/proaudio.ec\/"},{"@type":"ListItem","position":2,"name":"Proaudio"}]},{"@type":"WebSite","@id":"https:\/\/proaudio.ec\/#website","url":"https:\/\/proaudio.ec\/","name":"Proaudio","description":"Instituto Integral de Audici\u00f3n y Lenguaje","publisher":{"@id":"https:\/\/proaudio.ec\/#organization"},"potentialAction":[{"@type":"SearchAction","target":{"@type":"EntryPoint","urlTemplate":"https:\/\/proaudio.ec\/?s={search_term_string}"},"query-input":{"@type":"PropertyValueSpecification","valueRequired":true,"valueName":"search_term_string"}}],"inLanguage":"es"},{"@type":"Organization","@id":"https:\/\/proaudio.ec\/#organization","name":"Proaudio","url":"https:\/\/proaudio.ec\/","logo":{"@type":"ImageObject","inLanguage":"es","@id":"https:\/\/proaudio.ec\/#\/schema\/logo\/image\/","url":"https:\/\/proaudio.ec\/wp-content\/uploads\/2024\/01\/logo.jpg","contentUrl":"https:\/\/proaudio.ec\/wp-content\/uploads\/2024\/01\/logo.jpg","width":343,"height":60,"caption":"Proaudio"},"image":{"@id":"https:\/\/proaudio.ec\/#\/schema\/logo\/image\/"},"sameAs":["https:\/\/www.facebook.com\/proaudioecuador","https:\/\/www.instagram.com\/proaudioecuador"],"telephone":"0964033033"}]}},"_links":{"self":[{"href":"https:\/\/proaudio.ec\/index.php\/wp-json\/wp\/v2\/pages\/1768","targetHints":{"allow":["GET"]}}],"collection":[{"href":"https:\/\/proaudio.ec\/index.php\/wp-json\/wp\/v2\/pages"}],"about":[{"href":"https:\/\/proaudio.ec\/index.php\/wp-json\/wp\/v2\/types\/page"}],"author":[{"embeddable":true,"href":"https:\/\/proaudio.ec\/index.php\/wp-json\/wp\/v2\/users\/4"}],"replies":[{"embeddable":true,"href":"https:\/\/proaudio.ec\/index.php\/wp-json\/wp\/v2\/comments?post=1768"}],"version-history":[{"count":152,"href":"https:\/\/proaudio.ec\/index.php\/wp-json\/wp\/v2\/pages\/1768\/revisions"}],"predecessor-version":[{"id":4800,"href":"https:\/\/proaudio.ec\/index.php\/wp-json\/wp\/v2\/pages\/1768\/revisions\/4800"}],"wp:attachment":[{"href":"https:\/\/proaudio.ec\/index.php\/wp-json\/wp\/v2\/media?parent=1768"}],"curies":[{"name":"wp","href":"https:\/\/api.w.org\/{rel}","templated":true}]}}